{"id":1148,"date":"2022-06-20T16:46:53","date_gmt":"2022-06-20T14:46:53","guid":{"rendered":"https:\/\/ventalon.fr\/?page_id=1148"},"modified":"2022-06-20T16:46:53","modified_gmt":"2022-06-20T14:46:53","slug":"le-relais-de-lespinas","status":"publish","type":"page","link":"https:\/\/ventalon.fr\/?page_id=1148","title":{"rendered":"Le Relais de l&rsquo;Espinas"},"content":{"rendered":"\n<p><\/p>\n\n\n\n<p>Ancien relais, haut lieu historique situ\u00e9 sur la route des cr\u00eates, si\u00e8ge de l\u2019\u00e9cole c\u00e9venole de la pierre s\u00e8che, \u00e9tablissement coop\u00e9ratif cr\u00e9\u00e9 par les habitants du territoire qui le r\u00e9novent sans rel\u00e2che pour lui redonner la vie.<br><br>Au carrefour de 3 communes et \u00e0 la fois un lieu de passage pour les populations locales et une route touristique, avec sa vue magnifique sur les C\u00e9vennes et la plaine al\u00e9sienne, jusqu\u2019au Pic St Loup, sa draille-chemin ancestral de transhumance menant au Mont Loz\u00e8re, ce site digne d\u2019int\u00e9r\u00eat est devenu un lieu tr\u00e8s fr\u00e9quent\u00e9.<br><br>Plusieurs associations et coop\u00e9ratives l\u2019entretiennent depuis plus de 20 ans, y ont am\u00e9nag\u00e9 des locaux et investi les lieux.<br>Une soci\u00e9t\u00e9 coop\u00e9rative (SCIC) est gestionnaire du caf\u00e9-restaurant et une association, \u00ab Epi de Mains \u00bb, est responsable de l\u2019animation.<br>L\u2019association des Artisans B\u00e2tisseurs en Pierre S\u00e8che y a install\u00e9 son si\u00e8ge social et l\u2019\u00e9cole Professionnelle de la Pierre S\u00e8che. La r\u00e9novation du b\u00e2timent amont du hameau en 2015 est venue compl\u00e9ter cette installation avec une salle d\u2019exposition et un sentier d\u2019interpr\u00e9tation autour des r\u00e9alisations en pierre s\u00e8che d\u2019hier et d\u2019aujourd\u2019hui.<br><br>Le Hameau de l\u2019Espinas situ\u00e9 au coeur du parc national des C\u00e9vennes est embl\u00e9matique du dynamisme \u00e9conomique, social, culturel et patrimonial de ce territoire class\u00e9 au patrimoine mondial de l\u2019humanit\u00e9 (UNESCO).<\/p>\n","protected":false},"excerpt":{"rendered":"<p>Ancien relais, haut lieu historique situ\u00e9 sur la route des cr\u00eates, si\u00e8ge de l\u2019\u00e9cole c\u00e9venole de la pierre s\u00e8che, \u00e9tablissement coop\u00e9ratif cr\u00e9\u00e9 par les habitants du territoire qui le r\u00e9novent sans rel\u00e2che pour lui redonner la vie. Au carrefour de 3 communes et \u00e0 la fois un lieu de passage pour les populations locales et&#8230;<\/p>\n","protected":false},"author":1,"featured_media":0,"parent":0,"menu_order":0,"comment_status":"closed","ping_status":"closed","template":"","meta":{"_kadence_starter_templates_imported_post":false,"_kad_post_transparent":"","_kad_post_title":"","_kad_post_layout":"","_kad_post_sidebar_id":"","_kad_post_content_style":"","_kad_post_vertical_padding":"","_kad_post_feature":"","_kad_post_feature_position":"","_kad_post_header":false,"_kad_post_footer":false,"_kad_post_classname":"","footnotes":""},"categories":[],"tags":[],"class_list":["post-1148","page","type-page","status-publish","hentry"],"jetpack_sharing_enabled":true,"jetpack_likes_enabled":true,"_links":{"self":[{"href":"https:\/\/ventalon.fr\/index.php?rest_route=\/wp\/v2\/pages\/1148","targetHints":{"allow":["GET"]}}],"collection":[{"href":"https:\/\/ventalon.fr\/index.php?rest_route=\/wp\/v2\/pages"}],"about":[{"href":"https:\/\/ventalon.fr\/index.php?rest_route=\/wp\/v2\/types\/page"}],"author":[{"embeddable":true,"href":"https:\/\/ventalon.fr\/index.php?rest_route=\/wp\/v2\/users\/1"}],"replies":[{"embeddable":true,"href":"https:\/\/ventalon.fr\/index.php?rest_route=%2Fwp%2Fv2%2Fcomments&post=1148"}],"version-history":[{"count":1,"href":"https:\/\/ventalon.fr\/index.php?rest_route=\/wp\/v2\/pages\/1148\/revisions"}],"predecessor-version":[{"id":1149,"href":"https:\/\/ventalon.fr\/index.php?rest_route=\/wp\/v2\/pages\/1148\/revisions\/1149"}],"wp:attachment":[{"href":"https:\/\/ventalon.fr\/index.php?rest_route=%2Fwp%2Fv2%2Fmedia&parent=1148"}],"wp:term":[{"taxonomy":"category","embeddable":true,"href":"https:\/\/ventalon.fr\/index.php?rest_route=%2Fwp%2Fv2%2Fcategories&post=1148"},{"taxonomy":"post_tag","embeddable":true,"href":"https:\/\/ventalon.fr\/index.php?rest_route=%2Fwp%2Fv2%2Ftags&post=1148"}],"curies":[{"name":"wp","href":"https:\/\/api.w.org\/{rel}","templated":true}]}}