{"id":1136,"date":"2022-06-20T16:32:36","date_gmt":"2022-06-20T14:32:36","guid":{"rendered":"https:\/\/ventalon.fr\/?page_id=1136"},"modified":"2022-06-20T16:32:36","modified_gmt":"2022-06-20T14:32:36","slug":"le-mas-du-viala-ponsonnenc","status":"publish","type":"page","link":"https:\/\/ventalon.fr\/?page_id=1136","title":{"rendered":"Le mas du Viala Ponsonnenc"},"content":{"rendered":"\n<p><\/p>\n\n\n\n<p><em>Le domaine est cit\u00e9 d\u00e8s la fin du XIII\u00e8me si\u00e8cle et se trouve dans la m\u00eame famille depuis1679. Les b\u00e2tisses remontent au moins au XVII\u00e8me si\u00e8cle et sont caract\u00e9ristiques des fermes en schiste des C\u00e9vennes. L\u2019ensemble assez complet regroupait les activit\u00e9s traditionnelles\u00a0: habitats principaux et secondaires, pigeonnier, four, hangar, bergerie, grange, s\u00e9choir, aire \u00e0 battre, potager, source, moulin et r\u00e9serve. Le Mas Ponsonnenc est une propri\u00e9t\u00e9 priv\u00e9e. Situ\u00e9 \u00e0 l\u2019ouest du hameau Le Viala, jolie balade.<\/em><\/p>\n","protected":false},"excerpt":{"rendered":"<p>Le domaine est cit\u00e9 d\u00e8s la fin du XIII\u00e8me si\u00e8cle et se trouve dans la m\u00eame famille depuis1679. Les b\u00e2tisses remontent au moins au XVII\u00e8me si\u00e8cle et sont caract\u00e9ristiques des fermes en schiste des C\u00e9vennes. L\u2019ensemble assez complet regroupait les activit\u00e9s traditionnelles\u00a0: habitats principaux et secondaires, pigeonnier, four, hangar, bergerie, grange, s\u00e9choir, aire \u00e0 battre,&#8230;<\/p>\n","protected":false},"author":1,"featured_media":0,"parent":0,"menu_order":0,"comment_status":"closed","ping_status":"closed","template":"","meta":{"_kadence_starter_templates_imported_post":false,"_kad_post_transparent":"","_kad_post_title":"","_kad_post_layout":"","_kad_post_sidebar_id":"","_kad_post_content_style":"","_kad_post_vertical_padding":"","_kad_post_feature":"","_kad_post_feature_position":"","_kad_post_header":false,"_kad_post_footer":false,"_kad_post_classname":"","footnotes":""},"categories":[],"tags":[],"class_list":["post-1136","page","type-page","status-publish","hentry"],"jetpack_sharing_enabled":true,"jetpack_likes_enabled":true,"_links":{"self":[{"href":"https:\/\/ventalon.fr\/index.php?rest_route=\/wp\/v2\/pages\/1136","targetHints":{"allow":["GET"]}}],"collection":[{"href":"https:\/\/ventalon.fr\/index.php?rest_route=\/wp\/v2\/pages"}],"about":[{"href":"https:\/\/ventalon.fr\/index.php?rest_route=\/wp\/v2\/types\/page"}],"author":[{"embeddable":true,"href":"https:\/\/ventalon.fr\/index.php?rest_route=\/wp\/v2\/users\/1"}],"replies":[{"embeddable":true,"href":"https:\/\/ventalon.fr\/index.php?rest_route=%2Fwp%2Fv2%2Fcomments&post=1136"}],"version-history":[{"count":1,"href":"https:\/\/ventalon.fr\/index.php?rest_route=\/wp\/v2\/pages\/1136\/revisions"}],"predecessor-version":[{"id":1137,"href":"https:\/\/ventalon.fr\/index.php?rest_route=\/wp\/v2\/pages\/1136\/revisions\/1137"}],"wp:attachment":[{"href":"https:\/\/ventalon.fr\/index.php?rest_route=%2Fwp%2Fv2%2Fmedia&parent=1136"}],"wp:term":[{"taxonomy":"category","embeddable":true,"href":"https:\/\/ventalon.fr\/index.php?rest_route=%2Fwp%2Fv2%2Fcategories&post=1136"},{"taxonomy":"post_tag","embeddable":true,"href":"https:\/\/ventalon.fr\/index.php?rest_route=%2Fwp%2Fv2%2Ftags&post=1136"}],"curies":[{"name":"wp","href":"https:\/\/api.w.org\/{rel}","templated":true}]}}